{"id":2214,"date":"2021-09-23T12:54:00","date_gmt":"2021-09-23T19:54:00","guid":{"rendered":"https:\/\/sgvlc.org\/?page_id=2214"},"modified":"2025-08-30T11:27:02","modified_gmt":"2025-08-30T18:27:02","slug":"calendar","status":"publish","type":"page","link":"https:\/\/sgvlc.org\/tr\/calendar\/","title":{"rendered":"Takvim"},"content":{"rendered":"<div data-elementor-type=\"wp-page\" data-elementor-id=\"2214\" class=\"elementor elementor-2214\" data-elementor-post-type=\"page\">\n\t\t\t\t\t\t<section class=\"elementor-section elementor-top-section elementor-element elementor-element-6c49fba elementor-section-boxed elementor-section-height-default elementor-section-height-default\" data-id=\"6c49fba\" data-element_type=\"section\">\n\t\t\t\t\t\t<div class=\"elementor-container elementor-column-gap-default\">\n\t\t\t\t\t<div class=\"elementor-column elementor-col-100 elementor-top-column elementor-element elementor-element-086058b\" data-id=\"086058b\" data-element_type=\"column\">\n\t\t\t<div class=\"elementor-widget-wrap elementor-element-populated\">\n\t\t\t\t\t\t<div class=\"elementor-element elementor-element-f41089e elementor-widget elementor-widget-heading\" data-id=\"f41089e\" data-element_type=\"widget\" data-widget_type=\"heading.default\">\n\t\t\t\t<div class=\"elementor-widget-container\">\n\t\t\t\t\t<h2 class=\"elementor-heading-title elementor-size-default\">TAKV\u0130M 2025 - 2026<\/h2>\t\t\t\t<\/div>\n\t\t\t\t<\/div>\n\t\t\t\t\t<\/div>\n\t\t<\/div>\n\t\t\t\t\t<\/div>\n\t\t<\/section>\n\t\t\t\t<section class=\"elementor-section elementor-top-section elementor-element elementor-element-8ef49fc elementor-section-boxed elementor-section-height-default elementor-section-height-default\" data-id=\"8ef49fc\" data-element_type=\"section\">\n\t\t\t\t\t\t<div class=\"elementor-container elementor-column-gap-default\">\n\t\t\t\t\t<div class=\"elementor-column elementor-col-100 elementor-top-column elementor-element elementor-element-3ed2a91\" data-id=\"3ed2a91\" data-element_type=\"column\">\n\t\t\t<div class=\"elementor-widget-wrap elementor-element-populated\">\n\t\t\t\t\t\t<div class=\"elementor-element elementor-element-a8605a9 elementor-widget elementor-widget-heading\" data-id=\"a8605a9\" data-element_type=\"widget\" data-widget_type=\"heading.default\">\n\t\t\t\t<div class=\"elementor-widget-container\">\n\t\t\t\t\t<h2 class=\"elementor-heading-title elementor-size-default\">2025<\/h2>\t\t\t\t<\/div>\n\t\t\t\t<\/div>\n\t\t\t\t\t<\/div>\n\t\t<\/div>\n\t\t\t\t\t<\/div>\n\t\t<\/section>\n\t\t\t\t<section class=\"elementor-section elementor-top-section elementor-element elementor-element-62f4bc6 elementor-section-boxed elementor-section-height-default elementor-section-height-default\" data-id=\"62f4bc6\" data-element_type=\"section\">\n\t\t\t\t\t\t<div class=\"elementor-container elementor-column-gap-default\">\n\t\t\t\t\t<div class=\"elementor-column elementor-col-100 elementor-top-column elementor-element elementor-element-4115bf2\" data-id=\"4115bf2\" data-element_type=\"column\">\n\t\t\t<div class=\"elementor-widget-wrap elementor-element-populated\">\n\t\t\t\t\t\t<div class=\"elementor-element elementor-element-7f70678 elementor-widget elementor-widget-text-editor\" data-id=\"7f70678\" data-element_type=\"widget\" data-widget_type=\"text-editor.default\">\n\t\t\t\t<div class=\"elementor-widget-container\">\n\t\t\t\t\t\t\t\t\t<p>\u00a0<\/p><p style=\"text-align: center;\"><strong>EYL\u00dcL<\/strong><br \/><strong>13<\/strong> Yeni \u00d6\u011fretmen At\u00f6lyesi 09:30-12:30 \/ \u00d6\u011fretmen Oryantasyonu 13:00-15:00<br \/><strong>21<\/strong> Zoom \u00c7evrimi\u00e7i E\u011fitim At\u00f6lyesi 13:00-14:00<br \/><strong>22<\/strong> Dersler ba\u015fl\u0131yor<\/p><p style=\"text-align: center;\"><strong>EK\u0130M<br \/><\/strong><br \/><strong>11<\/strong> Pasadena Latino Miras Ge\u00e7it T\u00f6reni ve Festivali<br \/><strong>17<\/strong> Ders yok \u2013 PUSD \u00f6\u011frencisiz g\u00fcn<br \/><strong>25<\/strong> \u00d6\u011fretmenler Toplant\u0131s\u0131 \u2013 14:00-15:30<\/p><p style=\"text-align: center;\"><strong>KASIM<\/strong><br \/><strong>8<\/strong> \u00d6\u011fretmenler Sosyal Etkinli\u011fi<br \/><strong>11<\/strong> Ders yok \u2013 Gaziler G\u00fcn\u00fc<br \/><strong>24-29<\/strong> Ders yok \u2013 \u015e\u00fckran G\u00fcn\u00fc tatili<\/p><p style=\"text-align: center;\"><strong>ARALIK<\/strong><br \/><strong>22-31<\/strong> Ders yok \u2013 k\u0131\u015f tatili<\/p>\t\t\t\t\t\t\t\t<\/div>\n\t\t\t\t<\/div>\n\t\t\t\t\t<\/div>\n\t\t<\/div>\n\t\t\t\t\t<\/div>\n\t\t<\/section>\n\t\t\t\t<section class=\"elementor-section elementor-top-section elementor-element elementor-element-a9db129 elementor-section-boxed elementor-section-height-default elementor-section-height-default\" data-id=\"a9db129\" data-element_type=\"section\">\n\t\t\t\t\t\t<div class=\"elementor-container elementor-column-gap-default\">\n\t\t\t\t\t<div class=\"elementor-column elementor-col-100 elementor-top-column elementor-element elementor-element-c8d49d9\" data-id=\"c8d49d9\" data-element_type=\"column\">\n\t\t\t<div class=\"elementor-widget-wrap elementor-element-populated\">\n\t\t\t\t\t\t<div class=\"elementor-element elementor-element-527eb23 elementor-widget elementor-widget-heading\" data-id=\"527eb23\" data-element_type=\"widget\" data-widget_type=\"heading.default\">\n\t\t\t\t<div class=\"elementor-widget-container\">\n\t\t\t\t\t<h2 class=\"elementor-heading-title elementor-size-default\">2026<\/h2>\t\t\t\t<\/div>\n\t\t\t\t<\/div>\n\t\t\t\t\t<\/div>\n\t\t<\/div>\n\t\t\t\t\t<\/div>\n\t\t<\/section>\n\t\t\t\t<section class=\"elementor-section elementor-top-section elementor-element elementor-element-118f458 elementor-section-boxed elementor-section-height-default elementor-section-height-default\" data-id=\"118f458\" data-element_type=\"section\">\n\t\t\t\t\t\t<div class=\"elementor-container elementor-column-gap-default\">\n\t\t\t\t\t<div class=\"elementor-column elementor-col-100 elementor-top-column elementor-element elementor-element-efcd90d\" data-id=\"efcd90d\" data-element_type=\"column\">\n\t\t\t<div class=\"elementor-widget-wrap elementor-element-populated\">\n\t\t\t\t\t\t<div class=\"elementor-element elementor-element-1a1193b elementor-widget elementor-widget-text-editor\" data-id=\"1a1193b\" data-element_type=\"widget\" data-widget_type=\"text-editor.default\">\n\t\t\t\t<div class=\"elementor-widget-container\">\n\t\t\t\t\t\t\t\t\t<p style=\"text-align: center;\"><strong>OCAK<\/strong><\/br>\n<strong>1-2<\/strong> Ders yok \u2013 K\u0131\u015f tatili<\/br>\n<strong>5<\/strong> Dersler devam ediyor<\/br>\n<strong>19<\/strong> Ders yok\u2014Martin Luther King, Jr. Day<\/br>\n<strong>31<\/strong> Birinci yar\u0131y\u0131l\u0131n sonu \u2013 kat\u0131l\u0131m zorunlulu\u011fu<\/p>\n<p style=\"text-align: center;\"><strong>\u015eUBAT<\/strong><\/br>\n<strong>2<\/strong> \u0130kinci yar\u0131y\u0131l\u0131n ba\u015flang\u0131c\u0131<\/br>\n<strong>16<\/strong> Ders yok\u2014Ba\u015fkanlar G\u00fcn\u00fc<\/br>\n\u00d6\u011fretmen toplant\u0131s\u0131 13:00<\/p>\n<p style=\"text-align: center;\"><strong>MART<\/strong><\/br>\n<strong><\/strong> belirlenecek<\/br><\/p>\n<p style=\"text-align: center;\"><strong>N\u0130SAN<\/strong><\/br>\n<strong>6-11<\/strong> Ders yok \u2013 Bahar tatili<\/br>\n<strong>13<\/strong> Dersler devam ediyor<\/br>\n<strong><\/strong> \u00d6\u011fretmenler Sosyal Etkinli\u011fi<\/p>\n<p style=\"text-align: center;\"><strong>MAYIS<\/strong><\/br>\n<strong>9<\/strong> Y\u0131ll\u0131k toplant\u0131 ve kutlama 15:00-16:30<\/br>\n<strong>22<\/strong> Okul y\u0131l\u0131 sona eriyor (son cumartesi dersi 16\/5&#039;te)<\/p>\n\n\t\t\t\t\t\t\t\t<\/div>\n\t\t\t\t<\/div>\n\t\t\t\t\t<\/div>\n\t\t<\/div>\n\t\t\t\t\t<\/div>\n\t\t<\/section>\n\t\t\t\t<\/div>","protected":false},"excerpt":{"rendered":"<p>TAKV\u0130M 2025 - 2026 2025 EYL\u00dcL13 Yeni \u00d6\u011fretmen \u00c7al\u0131\u015ftay\u0131 09:30-12:30 \/ \u00d6\u011fretmen Oryantasyonu 13:00-15:0021 Zoom \u00c7evrimi\u00e7i E\u011fitim \u00c7al\u0131\u015ftay\u0131 13:00-14:0022 Dersler ba\u015fl\u0131yor EK\u0130M11 Pasadena Latino Miras Ge\u00e7it T\u00f6reni ve Festivali17 Ders yok - PUSD \u00f6\u011frencisiz g\u00fcn25 \u00d6\u011fretmenler Toplant\u0131s\u0131 - 14:00-15:30 KASIM8 \u00d6\u011fretmenler Sosyal Etkinli\u011fi11 Ders yok - Gaziler G\u00fcn\u00fc24-29 Ders yok - \u015e\u00fckran G\u00fcn\u00fc tatili ARALIK22-31 Ders yok - k\u0131\u015f tatili \u2026<\/p>\n<p class=\"read-more\"> <a class=\"\" href=\"https:\/\/sgvlc.org\/tr\/calendar\/\"> <span class=\"screen-reader-text\">Takvim<\/span> Devam\u0131n\u0131 oku &quot;<\/a><\/p>","protected":false},"author":1,"featured_media":0,"parent":0,"menu_order":0,"comment_status":"closed","ping_status":"closed","template":"","meta":{"footnotes":""},"class_list":["post-2214","page","type-page","status-publish","hentry"],"jetpack_sharing_enabled":true,"_links":{"self":[{"href":"https:\/\/sgvlc.org\/tr\/wp-json\/wp\/v2\/pages\/2214","targetHints":{"allow":["GET"]}}],"collection":[{"href":"https:\/\/sgvlc.org\/tr\/wp-json\/wp\/v2\/pages"}],"about":[{"href":"https:\/\/sgvlc.org\/tr\/wp-json\/wp\/v2\/types\/page"}],"author":[{"embeddable":true,"href":"https:\/\/sgvlc.org\/tr\/wp-json\/wp\/v2\/users\/1"}],"replies":[{"embeddable":true,"href":"https:\/\/sgvlc.org\/tr\/wp-json\/wp\/v2\/comments?post=2214"}],"version-history":[{"count":16,"href":"https:\/\/sgvlc.org\/tr\/wp-json\/wp\/v2\/pages\/2214\/revisions"}],"predecessor-version":[{"id":3011,"href":"https:\/\/sgvlc.org\/tr\/wp-json\/wp\/v2\/pages\/2214\/revisions\/3011"}],"wp:attachment":[{"href":"https:\/\/sgvlc.org\/tr\/wp-json\/wp\/v2\/media?parent=2214"}],"curies":[{"name":"wp","href":"https:\/\/api.w.org\/{rel}","templated":true}]}}